{"id":13,"date":"2025-11-05T18:42:46","date_gmt":"2025-11-05T18:42:46","guid":{"rendered":"https:\/\/www.ereticodellinvisibile.it\/?page_id=13"},"modified":"2025-11-05T18:42:46","modified_gmt":"2025-11-05T18:42:46","slug":"chi-sono","status":"publish","type":"page","link":"https:\/\/www.ereticodellinvisibile.it\/index.php\/chi-sono\/","title":{"rendered":"Chi Sono"},"content":{"rendered":"\n<div class=\"wp-block-group alignfull has-accent-background-color has-background has-global-padding is-layout-constrained wp-container-core-group-is-layout-669513ed wp-block-group-is-layout-constrained\" style=\"margin-top:0;margin-bottom:0;padding-top:var(--wp--preset--spacing--50);padding-right:var(--wp--preset--spacing--50);padding-bottom:var(--wp--preset--spacing--50);padding-left:var(--wp--preset--spacing--50)\">\n<div class=\"wp-block-columns alignwide is-layout-flex wp-container-core-columns-is-layout-1da03c2a wp-block-columns-is-layout-flex\">\n<div class=\"wp-block-column is-vertically-aligned-stretch is-layout-flow wp-block-column-is-layout-flow\" style=\"flex-basis:50%\">\n<div class=\"wp-block-group is-vertical is-content-justification-stretch is-layout-flex wp-container-core-group-is-layout-444d5ee8 wp-block-group-is-layout-flex\" style=\"min-height:100%\">\n<p class=\"has-heading-font-family has-x-large-font-size\" style=\"line-height:1.2\">\u00c9tudes offre soluzioni complete di consulenza, gestione, progettazione e ricerca. Ogni progetto architettonico \u00e8 un&#8217;opportunit\u00e0 per plasmare il futuro.<\/p>\n\n\n\n<div class=\"wp-block-group has-global-padding is-content-justification-left is-layout-constrained wp-container-core-group-is-layout-9fe8ed88 wp-block-group-is-layout-constrained\">\n<p class=\"wp-container-content-0733e5d0\">Lasciare un segno indelebile nel paesaggio di domani.<\/p>\n\n\n\n<div class=\"wp-block-buttons is-layout-flex wp-block-buttons-is-layout-flex\">\n<div class=\"wp-block-button\"><a class=\"wp-block-button__link wp-element-button\">Chi siamo<\/a><\/div>\n<\/div>\n<\/div>\n<\/div>\n<\/div>\n\n\n\n<div class=\"wp-block-column is-vertically-aligned-center is-layout-flow wp-block-column-is-layout-flow\" style=\"flex-basis:50%\">\n<figure class=\"wp-block-image size-large is-style-rounded is-style-rounded--1\"><img decoding=\"async\" src=\"https:\/\/www.ereticodellinvisibile.it\/wp-content\/themes\/twentytwentyfour\/assets\/images\/museum.webp\" alt=\"Una rampa che segue un muro curvo al Kiasma Museu, Helsinki, Finlandia\" style=\"aspect-ratio:3\/4;object-fit:cover\"\/><\/figure>\n<\/div>\n<\/div>\n<\/div>\n\n\n\n<div class=\"wp-block-group alignfull has-base-background-color has-background has-global-padding is-layout-constrained wp-container-core-group-is-layout-d89aad35 wp-block-group-is-layout-constrained\" style=\"margin-top:0;margin-bottom:0;padding-top:var(--wp--preset--spacing--50);padding-right:var(--wp--preset--spacing--50);padding-bottom:var(--wp--preset--spacing--50);padding-left:var(--wp--preset--spacing--50)\">\n<div class=\"wp-block-columns alignwide is-layout-flex wp-container-core-columns-is-layout-549b0c86 wp-block-columns-is-layout-flex\">\n<div class=\"wp-block-column has-global-padding is-content-justification-left is-layout-constrained wp-container-core-column-is-layout-4f15e8fe wp-block-column-is-layout-constrained\" style=\"flex-basis:40%\">\n<p>La rivitalizzata Art Gallery ha lo scopo di ridefinire il paesaggio culturale.<\/p>\n<\/div>\n\n\n\n<div class=\"wp-block-column is-layout-flow wp-container-core-column-is-layout-119bc444 wp-block-column-is-layout-flow\" style=\"flex-basis:60%\">\n<p class=\"has-heading-font-family has-x-large-font-size\" style=\"line-height:1.2\">Con meticolosa attenzione ai dettagli e una devozione all&#8217;eccellenza, creiamo spazi che ispirano, elevano e arricchiscono le vite di chi li abita.<\/p>\n\n\n\n<div class=\"wp-block-columns is-layout-flex wp-container-core-columns-is-layout-87beb0d0 wp-block-columns-is-layout-flex\">\n<div class=\"wp-block-column is-layout-flow wp-block-column-is-layout-flow\">\n<p class=\"wp-container-content-9cfa9a5a\">La rinnovata Art Gallery ha il compito di ridefinire l&#8217;orizzonte culturale di Toronto, fungendo da punto di incontro tra espressione artistica, coinvolgimento della comunit\u00e0 e meraviglia architettonica. Il progetto di espansione e di ristrutturazione rende omaggio alla ricca storia dell&#8217;Art Gallery abbracciandone allo stesso tempo il futuro, assicurando che la galleria rimanga un faro di ispirazione.<\/p>\n<\/div>\n\n\n\n<div class=\"wp-block-column is-layout-flow wp-block-column-is-layout-flow\">\n<p>La rinnovata Art Gallery ha il compito di ridefinire l&#8217;orizzonte culturale di Toronto, fungendo da punto di incontro tra espressione artistica, coinvolgimento della comunit\u00e0 e meraviglia architettonica. Il progetto di espansione e di ristrutturazione rende omaggio alla ricca storia dell&#8217;Art Gallery abbracciandone allo stesso tempo il futuro, assicurando che la galleria rimanga un faro di ispirazione.<\/p>\n<\/div>\n<\/div>\n<\/div>\n<\/div>\n<\/div>\n\n\n\n<div class=\"wp-block-group alignfull has-accent-5-background-color has-background has-global-padding is-layout-constrained wp-container-core-group-is-layout-d89aad35 wp-block-group-is-layout-constrained\" style=\"margin-top:0;margin-bottom:0;padding-top:var(--wp--preset--spacing--50);padding-right:var(--wp--preset--spacing--50);padding-bottom:var(--wp--preset--spacing--50);padding-left:var(--wp--preset--spacing--50)\">\n<div class=\"wp-block-columns alignwide is-layout-flex wp-container-core-columns-is-layout-1da03c2a wp-block-columns-is-layout-flex\">\n<div class=\"wp-block-column is-vertically-aligned-center is-layout-flow wp-block-column-is-layout-flow\" style=\"flex-basis:60%\">\n<figure class=\"wp-block-image size-full is-style-rounded wp-duotone-duotone-1 is-style-rounded--2\"><img decoding=\"async\" src=\"https:\/\/www.ereticodellinvisibile.it\/wp-content\/themes\/twentytwentyfour\/assets\/images\/abstract-geometric-art.webp\" alt=\"Un'opera d'arte bianca, geometrica e astratta da Dresda, Germania\" style=\"aspect-ratio:4\/3;object-fit:cover\"\/><\/figure>\n<\/div>\n\n\n\n<div class=\"wp-block-column is-layout-flow wp-block-column-is-layout-flow\" style=\"flex-basis:40%\">\n<h2 class=\"wp-block-heading\">Guidare il tuo business attraverso il progetto<\/h2>\n\n\n\n<p>Sperimenta la fusione dell&#8217;immaginazione e dell&#8217;esperienza con \u00c9tudes &#8211; il catalizzatore per la trasformazione nel campo dell&#8217;architettura che arricchisce il mondo attorno a noi.<\/p>\n\n\n\n<div class=\"wp-block-buttons is-layout-flex wp-block-buttons-is-layout-flex\">\n<div class=\"wp-block-button\"><a class=\"wp-block-button__link wp-element-button\">I nostri servizi<\/a><\/div>\n<\/div>\n<\/div>\n<\/div>\n<\/div>\n\n\n\n<div class=\"wp-block-group alignfull has-global-padding is-layout-constrained wp-container-core-group-is-layout-669513ed wp-block-group-is-layout-constrained\" style=\"margin-top:0;margin-bottom:0;padding-top:var(--wp--preset--spacing--50);padding-right:var(--wp--preset--spacing--50);padding-bottom:var(--wp--preset--spacing--50);padding-left:var(--wp--preset--spacing--50)\">\n<div class=\"wp-block-group is-vertical is-content-justification-center is-layout-flex wp-container-core-group-is-layout-ce155fab wp-block-group-is-layout-flex\">\n<h2 class=\"wp-block-heading has-text-align-center has-xx-large-font-size\">Incontra il nostro team<\/h2>\n\n\n\n<p class=\"has-text-align-center\">Il nostro ampio gruppo di professionisti si rivolge a team eterogeneo, che va da architetti di grande esperienza a rinomati ingegneri.<\/p>\n<\/div>\n\n\n\n<div style=\"height:var(--wp--preset--spacing--30)\" aria-hidden=\"true\" class=\"wp-block-spacer\"><\/div>\n\n\n\n<div class=\"wp-block-columns alignwide is-layout-flex wp-container-core-columns-is-layout-4935966c wp-block-columns-is-layout-flex\" style=\"padding-right:0;padding-left:0\">\n<div class=\"wp-block-column is-layout-flow wp-block-column-is-layout-flow\">\n\n\n<div class=\"wp-block-group is-vertical is-content-justification-center is-nowrap is-layout-flex wp-container-core-group-is-layout-21d4e958 wp-block-group-is-layout-flex\">\n<p class=\"has-text-align-center has-small-font-size\">\n\t\t\t\t\t<strong>Francesca Piovani<\/strong>\n\t\t\t\t<\/p>\n\n\n\n<p class=\"has-text-align-center has-small-font-size\">Fondatori, CEO e architetti<\/p>\n<\/div>\n<\/div>\n\n\n\n<div class=\"wp-block-column is-layout-flow wp-block-column-is-layout-flow\">\n\n\n<div class=\"wp-block-group is-vertical is-content-justification-center is-nowrap is-layout-flex wp-container-core-group-is-layout-63bfd6c1 wp-block-group-is-layout-flex\">\n<p class=\"has-text-align-center has-small-font-size\">\n\t\t\t\t\t<strong>Rhye Moore<\/strong>\n\t\t\t\t<\/p>\n\n\n\n<p class=\"has-text-align-center has-small-font-size\">Responsabile di progettazione<\/p>\n<\/div>\n<\/div>\n\n\n\n<div class=\"wp-block-column is-layout-flow wp-block-column-is-layout-flow\">\n\n\n<div class=\"wp-block-group is-vertical is-content-justification-center is-nowrap is-layout-flex wp-container-core-group-is-layout-63bfd6c1 wp-block-group-is-layout-flex\">\n<p class=\"has-text-align-center has-small-font-size\">\n\t\t\t\t\t<strong>Helga Steiner<\/strong>\n\t\t\t\t<\/p>\n\n\n\n<p class=\"has-text-align-center has-small-font-size\">Architetti<\/p>\n<\/div>\n<\/div>\n\n\n\n<div class=\"wp-block-column is-layout-flow wp-block-column-is-layout-flow\">\n\n\n<div class=\"wp-block-group is-vertical is-content-justification-center is-nowrap is-layout-flex wp-container-core-group-is-layout-21d4e958 wp-block-group-is-layout-flex\">\n<p class=\"has-text-align-center has-small-font-size\">\n\t\t\t\t\t<strong>Ivan Lawrence<\/strong>\n\t\t\t\t<\/p>\n\n\n\n<p class=\"has-text-align-center has-small-font-size\">Responsabile di progetto<\/p>\n<\/div>\n<\/div>\n<\/div>\n<\/div>\n\n\n\n<div class=\"wp-block-group alignfull has-global-padding is-layout-constrained wp-container-core-group-is-layout-d89aad35 wp-block-group-is-layout-constrained\" style=\"margin-top:0;margin-bottom:0;padding-top:var(--wp--preset--spacing--50);padding-right:var(--wp--preset--spacing--50);padding-bottom:var(--wp--preset--spacing--50);padding-left:var(--wp--preset--spacing--50)\">\n<div class=\"wp-block-group alignwide has-base-2-background-color has-background is-layout-flow wp-block-group-is-layout-flow\" style=\"border-radius:16px;padding-top:var(--wp--preset--spacing--50);padding-right:var(--wp--preset--spacing--50);padding-bottom:var(--wp--preset--spacing--50);padding-left:var(--wp--preset--spacing--50)\">\n<p class=\"has-text-align-center\">We\u2019ve worked with some of the best companies.<\/p>\n\n\n\n<div style=\"height:var(--wp--preset--spacing--10)\" aria-hidden=\"true\" class=\"wp-block-spacer\"><\/div>\n\n\n\n<div class=\"wp-block-group alignwide is-content-justification-center is-layout-flex wp-container-core-group-is-layout-f95ffa09 wp-block-group-is-layout-flex\" style=\"padding-top:0;padding-right:0;padding-bottom:0;padding-left:0\">\n\n\n\n\n\n\n\n<\/div>\n<\/div>\n<\/div>\n\n\n\n<div class=\"wp-block-group alignfull has-base-color has-contrast-background-color has-text-color has-background has-link-color wp-elements-2303b2254dcde2c03aad8a475a89867a has-global-padding is-layout-constrained wp-container-core-group-is-layout-d89aad35 wp-block-group-is-layout-constrained\" style=\"margin-top:0;margin-bottom:0;padding-top:var(--wp--preset--spacing--50);padding-right:var(--wp--preset--spacing--50);padding-bottom:var(--wp--preset--spacing--50);padding-left:var(--wp--preset--spacing--50)\">\n<h2 class=\"wp-block-heading alignwide has-base-color has-text-color has-link-color wp-elements-961120e30645e03a629938c532f241fe\" style=\"font-size:clamp(4.509rem, 4.509rem + ((1vw - 0.2rem) * 9.152), 10rem);letter-spacing:-0.02em\">FAQ<\/h2>\n\n\n\n<div class=\"wp-block-group alignwide is-layout-flow wp-block-group-is-layout-flow\">\n<hr class=\"wp-block-separator has-text-color has-base-color has-alpha-channel-opacity has-base-background-color has-background is-style-wide\" style=\"margin-top:var(--wp--preset--spacing--30);margin-bottom:var(--wp--preset--spacing--30)\"\/>\n\n\n\n<h3 class=\"wp-block-heading alignwide has-base-2-color has-text-color has-link-color wp-elements-f6fbd09430cc8befbe7e567a94e5cb93\">Come procedi per lavorare su progetti pi\u00f9 piccoli?<\/h3>\n\n\n\n<p class=\"has-contrast-1-color has-text-color has-link-color wp-elements-13c12a26c5da74883ccd5ee8ddc3d89e\">\u00c9tudes offre soluzioni complete di consulenza, management, design e ricerca. La nostra visione \u00e8 di essere all&#8217;avanguardia dell&#8217;innovazione nell&#8217;architettura, e di promuovere la comunit\u00e0 globale di architetti ed entusiasti uniti da una passione per la creazione degli spazi. Ogni impresa nell&#8217;architettura \u00e8 un&#8217;opportunit\u00e0 per dare forma al futuro.<\/p>\n\n\n\n<hr class=\"wp-block-separator has-text-color has-base-color has-alpha-channel-opacity has-base-background-color has-background is-style-wide\" style=\"margin-top:var(--wp--preset--spacing--30);margin-bottom:var(--wp--preset--spacing--30)\"\/>\n\n\n\n<h3 class=\"wp-block-heading alignwide has-base-2-color has-text-color has-link-color wp-elements-256aac2039426d9a2ce91794590c76f8\">Chi c&#8217;\u00e8 dietro \u00c9tudes?<\/h3>\n\n\n\n<p class=\"has-contrast-1-color has-text-color has-link-color wp-elements-13c12a26c5da74883ccd5ee8ddc3d89e\">\u00c9tudes offre soluzioni complete di consulenza, management, design e ricerca. La nostra visione \u00e8 di essere all&#8217;avanguardia dell&#8217;innovazione nell&#8217;architettura, e di promuovere la comunit\u00e0 globale di architetti ed entusiasti uniti da una passione per la creazione degli spazi. Ogni impresa nell&#8217;architettura \u00e8 un&#8217;opportunit\u00e0 per dare forma al futuro.<\/p>\n\n\n\n<hr class=\"wp-block-separator has-text-color has-base-color has-alpha-channel-opacity has-base-background-color has-background is-style-wide\" style=\"margin-top:var(--wp--preset--spacing--30);margin-bottom:var(--wp--preset--spacing--30)\"\/>\n\n\n\n<h3 class=\"wp-block-heading alignwide has-base-2-color has-text-color has-link-color wp-elements-61fac0aac24446ceafd87d50053861bf\">Vorrei incontrare altri colleghi architetti, come posso fare?<\/h3>\n\n\n\n<p class=\"has-contrast-1-color has-text-color has-link-color wp-elements-13c12a26c5da74883ccd5ee8ddc3d89e\">\u00c9tudes offre soluzioni complete di consulenza, management, design e ricerca. La nostra visione \u00e8 di essere all&#8217;avanguardia dell&#8217;innovazione nell&#8217;architettura, e di promuovere la comunit\u00e0 globale di architetti ed entusiasti uniti da una passione per la creazione degli spazi. Ogni impresa nell&#8217;architettura \u00e8 un&#8217;opportunit\u00e0 per dare forma al futuro.<\/p>\n\n\n\n<hr class=\"wp-block-separator has-text-color has-base-color has-alpha-channel-opacity has-base-background-color has-background is-style-wide\" style=\"margin-top:var(--wp--preset--spacing--30);margin-bottom:var(--wp--preset--spacing--30)\"\/>\n\n\n\n<h3 class=\"wp-block-heading alignwide has-base-2-color has-text-color has-link-color wp-elements-fae417a7df027b001791fa5d3ea97268\">Posso candidarmi per essere parte del team o lavorare come appaltatore?<\/h3>\n\n\n\n<p class=\"has-contrast-1-color has-text-color has-link-color wp-elements-13c12a26c5da74883ccd5ee8ddc3d89e\">\u00c9tudes offre soluzioni complete di consulenza, management, design e ricerca. La nostra visione \u00e8 di essere all&#8217;avanguardia dell&#8217;innovazione nell&#8217;architettura, e di promuovere la comunit\u00e0 globale di architetti ed entusiasti uniti da una passione per la creazione degli spazi. Ogni impresa nell&#8217;architettura \u00e8 un&#8217;opportunit\u00e0 per dare forma al futuro.<\/p>\n\n\n\n<div style=\"margin-top:var(--wp--preset--spacing--10);margin-bottom:0;height:var(--wp--preset--spacing--10)\" aria-hidden=\"true\" class=\"wp-block-spacer\"><\/div>\n<\/div>\n<\/div>\n\n\n\n<div class=\"wp-block-group alignfull has-global-padding is-layout-constrained wp-container-core-group-is-layout-d89aad35 wp-block-group-is-layout-constrained\" style=\"margin-top:0;margin-bottom:0;padding-top:var(--wp--preset--spacing--50);padding-right:var(--wp--preset--spacing--50);padding-bottom:var(--wp--preset--spacing--50);padding-left:var(--wp--preset--spacing--50)\">\n<div class=\"wp-block-columns alignwide are-vertically-aligned-center is-layout-flex wp-container-core-columns-is-layout-47c06fe3 wp-block-columns-is-layout-flex\">\n<div class=\"wp-block-column is-vertically-aligned-center is-layout-flow wp-block-column-is-layout-flow\" style=\"flex-basis:50%\">\n<h2 class=\"wp-block-heading\">Fai progredire la tua scoperta dell&#8217;architettura con l&#8217;app \u00c9tudes Architect.<\/h2>\n\n\n\n<ul style=\"line-height:1.75\" class=\"wp-block-list is-style-checkmark-list\">\n<li>Collabora con altri architetti.<\/li>\n\n\n\n<li>Mostra i tuoi progetti.<\/li>\n\n\n\n<li>Sperimenta il mondo dell&#8217;architettura.<\/li>\n<\/ul>\n\n\n\n<div class=\"wp-block-buttons is-layout-flex wp-block-buttons-is-layout-flex\">\n<div class=\"wp-block-button\"><a class=\"wp-block-button__link wp-element-button\">Scarica l&#8217;app<\/a><\/div>\n\n\n\n<div class=\"wp-block-button is-style-outline is-style-outline--7\"><a class=\"wp-block-button__link wp-element-button\">Come funziona<\/a><\/div>\n<\/div>\n<\/div>\n\n\n\n<div class=\"wp-block-column is-vertically-aligned-center is-layout-flow wp-block-column-is-layout-flow\" style=\"flex-basis:50%\">\n<figure class=\"wp-block-image size-full is-style-rounded is-style-rounded--8\"><img decoding=\"async\" src=\"https:\/\/www.ereticodellinvisibile.it\/wp-content\/themes\/twentytwentyfour\/assets\/images\/abstract-geometric-art.webp\" alt=\"Un'opera d'arte bianca, geometrica e astratta da Dresda, Germania\" style=\"aspect-ratio:4\/3;object-fit:cover\"\/><\/figure>\n<\/div>\n<\/div>\n<\/div>\n","protected":false},"excerpt":{"rendered":"<p>\u00c9tudes offre soluzioni complete di consulenza, gestione, progettazione e ricerca. Ogni progetto architettonico \u00e8 un&#8217;opportunit\u00e0 per plasmare il futuro. Lasciare un segno indelebile nel paesaggio di domani. La rivitalizzata Art Gallery ha lo scopo di ridefinire il paesaggio culturale. Con meticolosa attenzione ai dettagli e una devozione all&#8217;eccellenza, creiamo spazi che ispirano, elevano e arricchiscono [&hellip;]<\/p>\n","protected":false},"author":2,"featured_media":0,"parent":0,"menu_order":0,"comment_status":"closed","ping_status":"closed","template":"","meta":{"footnotes":""},"class_list":["post-13","page","type-page","status-publish","hentry"],"yoast_head":"<!-- This site is optimized with the Yoast SEO plugin v26.9 - https:\/\/yoast.com\/product\/yoast-seo-wordpress\/ -->\n<title>Chi Sono - l&#039;Eretico dell&#039;Invisibile<\/title>\n<meta name=\"robots\" content=\"index, follow, max-snippet:-1, max-image-preview:large, max-video-preview:-1\" \/>\n<link rel=\"canonical\" href=\"https:\/\/www.ereticodellinvisibile.it\/index.php\/chi-sono\/\" \/>\n<meta property=\"og:locale\" content=\"it_IT\" \/>\n<meta property=\"og:type\" content=\"article\" \/>\n<meta property=\"og:title\" content=\"Chi Sono - l&#039;Eretico dell&#039;Invisibile\" \/>\n<meta property=\"og:description\" content=\"\u00c9tudes offre soluzioni complete di consulenza, gestione, progettazione e ricerca. Ogni progetto architettonico \u00e8 un&#8217;opportunit\u00e0 per plasmare il futuro. Lasciare un segno indelebile nel paesaggio di domani. La rivitalizzata Art Gallery ha lo scopo di ridefinire il paesaggio culturale. Con meticolosa attenzione ai dettagli e una devozione all&#8217;eccellenza, creiamo spazi che ispirano, elevano e arricchiscono [&hellip;]\" \/>\n<meta property=\"og:url\" content=\"https:\/\/www.ereticodellinvisibile.it\/index.php\/chi-sono\/\" \/>\n<meta property=\"og:site_name\" content=\"l&#039;Eretico dell&#039;Invisibile\" \/>\n<meta property=\"og:image\" content=\"https:\/\/www.ereticodellinvisibile.it\/wp-content\/themes\/twentytwentyfour\/assets\/images\/museum.webp\" \/>\n<meta name=\"twitter:card\" content=\"summary_large_image\" \/>\n<meta name=\"twitter:label1\" content=\"Tempo di lettura stimato\" \/>\n\t<meta name=\"twitter:data1\" content=\"3 minuti\" \/>\n<script type=\"application\/ld+json\" class=\"yoast-schema-graph\">{\"@context\":\"https:\/\/schema.org\",\"@graph\":[{\"@type\":\"WebPage\",\"@id\":\"https:\/\/www.ereticodellinvisibile.it\/index.php\/chi-sono\/\",\"url\":\"https:\/\/www.ereticodellinvisibile.it\/index.php\/chi-sono\/\",\"name\":\"Chi Sono - l&#039;Eretico dell&#039;Invisibile\",\"isPartOf\":{\"@id\":\"https:\/\/www.ereticodellinvisibile.it\/#website\"},\"primaryImageOfPage\":{\"@id\":\"https:\/\/www.ereticodellinvisibile.it\/index.php\/chi-sono\/#primaryimage\"},\"image\":{\"@id\":\"https:\/\/www.ereticodellinvisibile.it\/index.php\/chi-sono\/#primaryimage\"},\"thumbnailUrl\":\"https:\/\/www.ereticodellinvisibile.it\/wp-content\/themes\/twentytwentyfour\/assets\/images\/museum.webp\",\"datePublished\":\"2025-11-05T18:42:46+00:00\",\"breadcrumb\":{\"@id\":\"https:\/\/www.ereticodellinvisibile.it\/index.php\/chi-sono\/#breadcrumb\"},\"inLanguage\":\"it-IT\",\"potentialAction\":[{\"@type\":\"ReadAction\",\"target\":[\"https:\/\/www.ereticodellinvisibile.it\/index.php\/chi-sono\/\"]}]},{\"@type\":\"ImageObject\",\"inLanguage\":\"it-IT\",\"@id\":\"https:\/\/www.ereticodellinvisibile.it\/index.php\/chi-sono\/#primaryimage\",\"url\":\"https:\/\/www.ereticodellinvisibile.it\/wp-content\/themes\/twentytwentyfour\/assets\/images\/museum.webp\",\"contentUrl\":\"https:\/\/www.ereticodellinvisibile.it\/wp-content\/themes\/twentytwentyfour\/assets\/images\/museum.webp\"},{\"@type\":\"BreadcrumbList\",\"@id\":\"https:\/\/www.ereticodellinvisibile.it\/index.php\/chi-sono\/#breadcrumb\",\"itemListElement\":[{\"@type\":\"ListItem\",\"position\":1,\"name\":\"Home\",\"item\":\"https:\/\/www.ereticodellinvisibile.it\/\"},{\"@type\":\"ListItem\",\"position\":2,\"name\":\"Chi Sono\"}]},{\"@type\":\"WebSite\",\"@id\":\"https:\/\/www.ereticodellinvisibile.it\/#website\",\"url\":\"https:\/\/www.ereticodellinvisibile.it\/\",\"name\":\"l&#039;Eretico dell&#039;Invisibile\",\"description\":\"\",\"potentialAction\":[{\"@type\":\"SearchAction\",\"target\":{\"@type\":\"EntryPoint\",\"urlTemplate\":\"https:\/\/www.ereticodellinvisibile.it\/?s={search_term_string}\"},\"query-input\":{\"@type\":\"PropertyValueSpecification\",\"valueRequired\":true,\"valueName\":\"search_term_string\"}}],\"inLanguage\":\"it-IT\"}]}<\/script>\n<!-- \/ Yoast SEO plugin. -->","yoast_head_json":{"title":"Chi Sono - l&#039;Eretico dell&#039;Invisibile","robots":{"index":"index","follow":"follow","max-snippet":"max-snippet:-1","max-image-preview":"max-image-preview:large","max-video-preview":"max-video-preview:-1"},"canonical":"https:\/\/www.ereticodellinvisibile.it\/index.php\/chi-sono\/","og_locale":"it_IT","og_type":"article","og_title":"Chi Sono - l&#039;Eretico dell&#039;Invisibile","og_description":"\u00c9tudes offre soluzioni complete di consulenza, gestione, progettazione e ricerca. Ogni progetto architettonico \u00e8 un&#8217;opportunit\u00e0 per plasmare il futuro. Lasciare un segno indelebile nel paesaggio di domani. La rivitalizzata Art Gallery ha lo scopo di ridefinire il paesaggio culturale. Con meticolosa attenzione ai dettagli e una devozione all&#8217;eccellenza, creiamo spazi che ispirano, elevano e arricchiscono [&hellip;]","og_url":"https:\/\/www.ereticodellinvisibile.it\/index.php\/chi-sono\/","og_site_name":"l&#039;Eretico dell&#039;Invisibile","og_image":[{"url":"https:\/\/www.ereticodellinvisibile.it\/wp-content\/themes\/twentytwentyfour\/assets\/images\/museum.webp","type":"","width":"","height":""}],"twitter_card":"summary_large_image","twitter_misc":{"Tempo di lettura stimato":"3 minuti"},"schema":{"@context":"https:\/\/schema.org","@graph":[{"@type":"WebPage","@id":"https:\/\/www.ereticodellinvisibile.it\/index.php\/chi-sono\/","url":"https:\/\/www.ereticodellinvisibile.it\/index.php\/chi-sono\/","name":"Chi Sono - l&#039;Eretico dell&#039;Invisibile","isPartOf":{"@id":"https:\/\/www.ereticodellinvisibile.it\/#website"},"primaryImageOfPage":{"@id":"https:\/\/www.ereticodellinvisibile.it\/index.php\/chi-sono\/#primaryimage"},"image":{"@id":"https:\/\/www.ereticodellinvisibile.it\/index.php\/chi-sono\/#primaryimage"},"thumbnailUrl":"https:\/\/www.ereticodellinvisibile.it\/wp-content\/themes\/twentytwentyfour\/assets\/images\/museum.webp","datePublished":"2025-11-05T18:42:46+00:00","breadcrumb":{"@id":"https:\/\/www.ereticodellinvisibile.it\/index.php\/chi-sono\/#breadcrumb"},"inLanguage":"it-IT","potentialAction":[{"@type":"ReadAction","target":["https:\/\/www.ereticodellinvisibile.it\/index.php\/chi-sono\/"]}]},{"@type":"ImageObject","inLanguage":"it-IT","@id":"https:\/\/www.ereticodellinvisibile.it\/index.php\/chi-sono\/#primaryimage","url":"https:\/\/www.ereticodellinvisibile.it\/wp-content\/themes\/twentytwentyfour\/assets\/images\/museum.webp","contentUrl":"https:\/\/www.ereticodellinvisibile.it\/wp-content\/themes\/twentytwentyfour\/assets\/images\/museum.webp"},{"@type":"BreadcrumbList","@id":"https:\/\/www.ereticodellinvisibile.it\/index.php\/chi-sono\/#breadcrumb","itemListElement":[{"@type":"ListItem","position":1,"name":"Home","item":"https:\/\/www.ereticodellinvisibile.it\/"},{"@type":"ListItem","position":2,"name":"Chi Sono"}]},{"@type":"WebSite","@id":"https:\/\/www.ereticodellinvisibile.it\/#website","url":"https:\/\/www.ereticodellinvisibile.it\/","name":"l&#039;Eretico dell&#039;Invisibile","description":"","potentialAction":[{"@type":"SearchAction","target":{"@type":"EntryPoint","urlTemplate":"https:\/\/www.ereticodellinvisibile.it\/?s={search_term_string}"},"query-input":{"@type":"PropertyValueSpecification","valueRequired":true,"valueName":"search_term_string"}}],"inLanguage":"it-IT"}]}},"_links":{"self":[{"href":"https:\/\/www.ereticodellinvisibile.it\/index.php\/wp-json\/wp\/v2\/pages\/13","targetHints":{"allow":["GET"]}}],"collection":[{"href":"https:\/\/www.ereticodellinvisibile.it\/index.php\/wp-json\/wp\/v2\/pages"}],"about":[{"href":"https:\/\/www.ereticodellinvisibile.it\/index.php\/wp-json\/wp\/v2\/types\/page"}],"author":[{"embeddable":true,"href":"https:\/\/www.ereticodellinvisibile.it\/index.php\/wp-json\/wp\/v2\/users\/2"}],"replies":[{"embeddable":true,"href":"https:\/\/www.ereticodellinvisibile.it\/index.php\/wp-json\/wp\/v2\/comments?post=13"}],"version-history":[{"count":1,"href":"https:\/\/www.ereticodellinvisibile.it\/index.php\/wp-json\/wp\/v2\/pages\/13\/revisions"}],"predecessor-version":[{"id":15,"href":"https:\/\/www.ereticodellinvisibile.it\/index.php\/wp-json\/wp\/v2\/pages\/13\/revisions\/15"}],"wp:attachment":[{"href":"https:\/\/www.ereticodellinvisibile.it\/index.php\/wp-json\/wp\/v2\/media?parent=13"}],"curies":[{"name":"wp","href":"https:\/\/api.w.org\/{rel}","templated":true}]}}